{"id":11278,"date":"2021-10-31T13:19:52","date_gmt":"2021-10-31T12:19:52","guid":{"rendered":"https:\/\/promak.si\/trgovina\/Bez%20kategorije\/okrasni-lonec-black-bowl-mod\/"},"modified":"2024-11-09T08:28:32","modified_gmt":"2024-11-09T07:28:32","slug":"okrasni-lonec-black-bowl-mod","status":"publish","type":"product","link":"https:\/\/promak.si\/hr\/trgovina\/tegla-za-cvijece-black-bowl-mod\/","title":{"rendered":"Tegla za cvije\u0107e black bowl mod"},"content":{"rendered":"<p>Sofisticiranost je uvijek jednostavna! Za\u0161to ne biste obogatili Va\u0161 prostor sa jednom elegantnom teglom za cvije\u0107e napravljenom od najfinije keramike? Kako je minimalizam sve vi\u0161e u modi, na\u0161i dragi i po\u0161tovani klijenti sa kojima smo izgradili visoko povjerenje su nas zamolili da napravimo jednu \u017eardinjeru koja \u0107e upotpuniti njihov moderni prostor za \u017eivot. Najbolje od svega je da ova tegla za cvije\u0107e mo\u017ee savr\u0161eno poslu\u017eiti kao \u017eardinjera za Va\u0161 osobni vrt, bilo doma ili u dvori\u0161tu!<\/p>\n<p>Na\u0161 prijedlog \u2013 savr\u0161eno kombinirajte ovu \u017eardinjeru u dnevnim prostorijama ili na balkonu. Proces izbora tegli za cvije\u0107e vi\u0161e ne mora biti kompliciran sa na\u0161im stru\u010dnjacima!<\/p>\n<hr>\n<h5>Birati mo\u017eete izme\u0111u razli\u010ditih dimenzija:<\/h5>\n<table>\n<tbody>\n<tr>\n<th>Visina<\/th>\n<th>Premer<\/th>\n<\/tr>\n<tr>\n<td>20 cm<\/td>\n<td>56 cm<\/td>\n<\/tr>\n<tr>\n<td>31 cm<\/td>\n<td>76 cm<\/td>\n<\/tr>\n<\/tbody>\n<\/table>\n","protected":false},"excerpt":{"rendered":"<p>Sofisticiranost je uvijek jednostavna! Za\u0161to ne biste obogatili Va\u0161 prostor sa jednom elegantnom teglom za cvije\u0107e napravljenom od najfinije keramike? Kako je minimalizam sve vi\u0161e u modi, na\u0161i dragi i po\u0161tovani klijenti sa kojima smo izgradili visoko povjerenje su nas zamolili da napravimo jednu \u017eardinjeru koja \u0107e upotpuniti njihov moderni prostor za \u017eivot. Najbolje od [&#8230;]\n","protected":false},"featured_media":8444,"template":"","meta":[],"product_brand":[],"product_cat":[548,549,550],"product_tag":[],"class_list":{"0":"post-11278","1":"product","2":"type-product","3":"status-publish","4":"has-post-thumbnail","6":"product_cat-tegle-za-cvijece","7":"product_cat-nutranje-tegle-za-cvijece","8":"product_cat-vanjske-tegle-za-cvijece","9":"pa_barva-crna-hr","10":"pa_dimenzija-56x56x20cm-hr","11":"pa_dimenzija-76x76x31cm-hr","12":"pa_velikost-20cm-hr","13":"pa_velikost-31cm-hr","15":"first","16":"outofstock","17":"taxable","18":"shipping-taxable","19":"purchasable","20":"product-type-variable","21":"has-default-attributes"},"_links":{"self":[{"href":"https:\/\/promak.si\/hr\/wp-json\/wp\/v2\/product\/11278","targetHints":{"allow":["GET"]}}],"collection":[{"href":"https:\/\/promak.si\/hr\/wp-json\/wp\/v2\/product"}],"about":[{"href":"https:\/\/promak.si\/hr\/wp-json\/wp\/v2\/types\/product"}],"wp:featuredmedia":[{"embeddable":true,"href":"https:\/\/promak.si\/hr\/wp-json\/wp\/v2\/media\/8444"}],"wp:attachment":[{"href":"https:\/\/promak.si\/hr\/wp-json\/wp\/v2\/media?parent=11278"}],"wp:term":[{"taxonomy":"product_brand","embeddable":true,"href":"https:\/\/promak.si\/hr\/wp-json\/wp\/v2\/product_brand?post=11278"},{"taxonomy":"product_cat","embeddable":true,"href":"https:\/\/promak.si\/hr\/wp-json\/wp\/v2\/product_cat?post=11278"},{"taxonomy":"product_tag","embeddable":true,"href":"https:\/\/promak.si\/hr\/wp-json\/wp\/v2\/product_tag?post=11278"}],"curies":[{"name":"wp","href":"https:\/\/api.w.org\/{rel}","templated":true}]}}