{"id":11231,"date":"2021-10-31T13:20:01","date_gmt":"2021-10-31T12:20:01","guid":{"rendered":"https:\/\/promak.si\/trgovina\/Bez%20kategorije\/okrasni-lonec-fa-high-black\/"},"modified":"2026-02-05T10:20:39","modified_gmt":"2026-02-05T09:20:39","slug":"okrasni-lonec-fa-high-black","status":"publish","type":"product","link":"https:\/\/promak.si\/hr\/trgovina\/tegla-za-cvijece-high-black\/","title":{"rendered":"Tegla za cvije\u0107e high black"},"content":{"rendered":"<p>Ljudi ka\u017eu da je eleganciju nemogu\u0107e kupiti, a pogotovo ukoliko se radi o opremanju i oplemenjivanju prostora za \u017eivot. Mi se, zapravo, ne sla\u017eemo sa time. Tegle za cvije\u0107e su oduvijek pru\u017eale ljudima \u0161ansu da na povoljan na\u010din, te bez mnogo truda, urede svoj prostor ba\u0161 onako kako su zamislili.<\/p>\n<p>Ova \u017eardinjera crne boje i srednje visine izgleda tako univerzalno, a opet druk\u010dije. Tegla za cvije\u0107e je savr\u0161en odabir za Va\u0161e holove, radne sobe, te dnevne boravke.<\/p>\n<p>Mo\u017eete ju dr\u017eati i vani, jer je otporna (fiberglass). \u017dardinjera je tako\u0111er savr\u0161en poklon za poslovna okupljanja, sastanke, ili pak vjen\u010danja.<\/p>\n<hr>\n<h5>Birati mo\u017eete izme\u0111u razli\u010ditih dimenzija:<\/h5>\n<table>\n<tbody>\n<tr>\n<th>Visina<\/th>\n<th>Premer<\/th>\n<\/tr>\n<tr>\n<td>70 cm<\/td>\n<td>34 cm<\/td>\n<\/tr>\n<tr>\n<td>100 cm<\/td>\n<td>50 cm<\/td>\n<\/tr>\n<\/tbody>\n<\/table>\n","protected":false},"excerpt":{"rendered":"<p>Ljudi ka\u017eu da je eleganciju nemogu\u0107e kupiti, a pogotovo ukoliko se radi o opremanju i oplemenjivanju prostora za \u017eivot. Mi se, zapravo, ne sla\u017eemo sa time. Tegle za cvije\u0107e su oduvijek pru\u017eale ljudima \u0161ansu da na povoljan na\u010din, te bez mnogo truda, urede svoj prostor ba\u0161 onako kako su zamislili. Ova \u017eardinjera crne boje i [&#8230;]\n","protected":false},"featured_media":8477,"template":"","meta":[],"product_brand":[],"product_cat":[548,549,550],"product_tag":[],"class_list":{"0":"post-11231","1":"product","2":"type-product","3":"status-publish","4":"has-post-thumbnail","6":"product_cat-tegle-za-cvijece","7":"product_cat-nutranje-tegle-za-cvijece","8":"product_cat-vanjske-tegle-za-cvijece","9":"pa_barva-crna-hr","10":"pa_dimenzija-34x34x70cm-hr","11":"pa_dimenzija-50x50x100cm-hr","12":"pa_velikost-100cm-hr","13":"pa_velikost-70cm-hr","15":"first","16":"instock","17":"taxable","18":"shipping-taxable","19":"purchasable","20":"product-type-variable","21":"has-default-attributes"},"_links":{"self":[{"href":"https:\/\/promak.si\/hr\/wp-json\/wp\/v2\/product\/11231","targetHints":{"allow":["GET"]}}],"collection":[{"href":"https:\/\/promak.si\/hr\/wp-json\/wp\/v2\/product"}],"about":[{"href":"https:\/\/promak.si\/hr\/wp-json\/wp\/v2\/types\/product"}],"wp:featuredmedia":[{"embeddable":true,"href":"https:\/\/promak.si\/hr\/wp-json\/wp\/v2\/media\/8477"}],"wp:attachment":[{"href":"https:\/\/promak.si\/hr\/wp-json\/wp\/v2\/media?parent=11231"}],"wp:term":[{"taxonomy":"product_brand","embeddable":true,"href":"https:\/\/promak.si\/hr\/wp-json\/wp\/v2\/product_brand?post=11231"},{"taxonomy":"product_cat","embeddable":true,"href":"https:\/\/promak.si\/hr\/wp-json\/wp\/v2\/product_cat?post=11231"},{"taxonomy":"product_tag","embeddable":true,"href":"https:\/\/promak.si\/hr\/wp-json\/wp\/v2\/product_tag?post=11231"}],"curies":[{"name":"wp","href":"https:\/\/api.w.org\/{rel}","templated":true}]}}